{"id":452,"date":"2018-01-01T11:34:41","date_gmt":"2018-01-01T11:34:41","guid":{"rendered":"http:\/\/imas12.es\/en\/?page_id=452"},"modified":"2020-03-25T10:03:19","modified_gmt":"2020-03-25T10:03:19","slug":"offers","status":"publish","type":"page","link":"https:\/\/imas12.es\/en\/offers\/","title":{"rendered":"Calls"},"content":{"rendered":"<div class=\"wpb-content-wrapper\"><p>[vc_row][vc_column][vc_custom_heading text=&#8221;INTERNAL CALLS&#8221; font_container=&#8221;tag:h5|text_align:left|color:%232a2a2a&#8221; use_theme_fonts=&#8221;yes&#8221; link=&#8221;url:https%3A%2F%2Fimas12.es%2Fconvocatorias%2F||target:%20_blank|&#8221;][vc_empty_space height=&#8221;10px&#8221;][vc_custom_heading text=&#8221;EXTERNAL CALLS&#8221; font_container=&#8221;tag:h5|text_align:left&#8221; use_theme_fonts=&#8221;yes&#8221;][\/vc_column][\/vc_row][vc_row][vc_column][vc_column_text]<img loading=\"lazy\" decoding=\"async\" class=\"alignnone wp-image-5810\" src=\"http:\/\/imas12.es\/en\/wp-content\/uploads\/sites\/3\/2020\/03\/LOGO-ISCIII.png\" alt=\"\" width=\"187\" height=\"29\" srcset=\"https:\/\/imas12.es\/en\/wp-content\/uploads\/sites\/3\/2020\/03\/LOGO-ISCIII.png 621w, https:\/\/imas12.es\/en\/wp-content\/uploads\/sites\/3\/2020\/03\/LOGO-ISCIII-300x46.png 300w, https:\/\/imas12.es\/en\/wp-content\/uploads\/sites\/3\/2020\/03\/LOGO-ISCIII-370x57.png 370w, https:\/\/imas12.es\/en\/wp-content\/uploads\/sites\/3\/2020\/03\/LOGO-ISCIII-360x56.png 360w\" sizes=\"auto, (max-width: 187px) 100vw, 187px\" \/>\ud83d\udc49<a href=\"https:\/\/www.isciii.es\/QueHacemos\/Financiacion\/Paginas\/SolicitudExpresionesInteresCoVid19.aspx\" target=\"_blank\" rel=\"noopener\">SOLICITUD URGENTE EXPRESIONES INTER\u00c9S FINANCIACI\u00d3N EXTRAORDINARIA PROYECTOS DE INVESTIGACI\u00d3N SARS-COV-2 Y ENFERMEDAD COVID-19<\/a>[\/vc_column_text][vc_empty_space height=&#8221;20px&#8221;][vc_column_text]<img loading=\"lazy\" decoding=\"async\" class=\"alignnone size-full wp-image-5816\" src=\"http:\/\/imas12.es\/en\/wp-content\/uploads\/sites\/3\/2020\/03\/imi_logo-1.png\" alt=\"\" width=\"194\" height=\"60\" \/>\u00a0\ud83d\udc49<a href=\"https:\/\/www.imi.europa.eu\/apply-funding\/open-calls\/imi2-call-21\" target=\"_blank\" rel=\"noopener\">H2020-JTI-IMI2-2020-21-single-stage<\/a>[\/vc_column_text][vc_empty_space height=&#8221;20px&#8221;][vc_column_text]<img loading=\"lazy\" decoding=\"async\" class=\"alignnone size-full wp-image-5812\" src=\"http:\/\/imas12.es\/en\/wp-content\/uploads\/sites\/3\/2020\/03\/logo_EIT-Health.jpg\" alt=\"\" width=\"137\" height=\"60\" \/>\ud83d\udc49<a href=\"https:\/\/eithealth.eu\/covid-19\/\" target=\"_blank\" rel=\"noopener\">EIT Health community vs. COVID-19\u00a0<\/a>[\/vc_column_text][vc_empty_space height=&#8221;20px&#8221;][vc_column_text]<img loading=\"lazy\" decoding=\"async\" class=\"alignnone size-full wp-image-5815\" src=\"http:\/\/imas12.es\/en\/wp-content\/uploads\/sites\/3\/2020\/03\/logo-European-commission_2.png\" alt=\"\" width=\"183\" height=\"60\" \/>\u00a0\ud83d\udc49<a href=\"https:\/\/ec.europa.eu\/info\/funding-tenders\/opportunities\/portal\/screen\/opportunities\/topic-details\/imi2-2020-21-01\" target=\"_blank\" rel=\"noopener\">Development of therapeutics and diagnostics combatting coronavirus infections<\/a>[\/vc_column_text][\/vc_column][\/vc_row]<\/p>\n<\/div>","protected":false},"excerpt":{"rendered":"<p>[vc_row][vc_column][vc_custom_heading text=&#8221;INTERNAL CALLS&#8221; font_container=&#8221;tag:h5|text_align:left|color:%232a2a2a&#8221; use_theme_fonts=&#8221;yes&#8221; link=&#8221;url:https%3A%2F%2Fimas12.es%2Fconvocatorias%2F||target:%20_blank|&#8221;][vc_empty_space height=&#8221;10px&#8221;][vc_custom_heading text=&#8221;EXTERNAL CALLS&#8221; font_container=&#8221;tag:h5|text_align:left&#8221; use_theme_fonts=&#8221;yes&#8221;][\/vc_column][\/vc_row][vc_row][vc_column][vc_column_text]\ud83d\udc49SOLICITUD URGENTE EXPRESIONES INTER\u00c9S FINANCIACI\u00d3N EXTRAORDINARIA PROYECTOS DE INVESTIGACI\u00d3N SARS-COV-2 Y ENFERMEDAD COVID-19[\/vc_column_text][vc_empty_space height=&#8221;20px&#8221;][vc_column_text]\u00a0\ud83d\udc49H2020-JTI-IMI2-2020-21-single-stage[\/vc_column_text][vc_empty_space height=&#8221;20px&#8221;][vc_column_text]\ud83d\udc49EIT Health community vs. COVID-19\u00a0[\/vc_column_text][vc_empty_space height=&#8221;20px&#8221;][vc_column_text]\u00a0\ud83d\udc49Development of therapeutics and diagnostics combatting coronavirus infections[\/vc_column_text][\/vc_column][\/vc_row]<\/p>\n","protected":false},"author":9,"featured_media":0,"parent":0,"menu_order":0,"comment_status":"closed","ping_status":"closed","template":"","meta":{"footnotes":""},"class_list":["post-452","page","type-page","status-publish","hentry"],"_links":{"self":[{"href":"https:\/\/imas12.es\/en\/wp-json\/wp\/v2\/pages\/452","targetHints":{"allow":["GET"]}}],"collection":[{"href":"https:\/\/imas12.es\/en\/wp-json\/wp\/v2\/pages"}],"about":[{"href":"https:\/\/imas12.es\/en\/wp-json\/wp\/v2\/types\/page"}],"author":[{"embeddable":true,"href":"https:\/\/imas12.es\/en\/wp-json\/wp\/v2\/users\/9"}],"replies":[{"embeddable":true,"href":"https:\/\/imas12.es\/en\/wp-json\/wp\/v2\/comments?post=452"}],"version-history":[{"count":11,"href":"https:\/\/imas12.es\/en\/wp-json\/wp\/v2\/pages\/452\/revisions"}],"predecessor-version":[{"id":5448,"href":"https:\/\/imas12.es\/en\/wp-json\/wp\/v2\/pages\/452\/revisions\/5448"}],"wp:attachment":[{"href":"https:\/\/imas12.es\/en\/wp-json\/wp\/v2\/media?parent=452"}],"curies":[{"name":"wp","href":"https:\/\/api.w.org\/{rel}","templated":true}]}}